{"id":1026,"date":"2016-07-13T16:05:45","date_gmt":"2016-07-13T14:05:45","guid":{"rendered":"http:\/\/www.monteilauvicomte.fr\/?page_id=1026"},"modified":"2016-07-19T12:43:52","modified_gmt":"2016-07-19T10:43:52","slug":"rencontres-franco-greque-2016","status":"publish","type":"page","link":"https:\/\/www.monteilauvicomte.fr\/?page_id=1026","title":{"rendered":"Rencontres franco-grecques 2016"},"content":{"rendered":"<p style=\"text-align: justify;\">Page en construction<\/p>\n<p style=\"text-align: justify;\"><span style=\"font-size: 12pt;\">Ils sont arriv\u00e9s sous la pluie \u00e0 Toulouse Blagnac. L&rsquo;absence du Maire de Rhodes, les cr\u00e9dits suspendus pour le groupe folklorique donnaient un petit go\u00fbt d&rsquo;amertume \u00e0 ces retrouvailles.\u00a0Mais la suite du s\u00e9jour a invers\u00e9 ce sentiment, au del\u00e0 de nos esp\u00e9rances.<\/span><\/p>\n<p style=\"text-align: justify;\">Pr\u00e9sentation<\/p>\n<p style=\"text-align: justify;\"><img loading=\"lazy\" id=\"__wp-temp-img-id\" class=\" aligncenter\" src=\"http:\/\/www.monteilauvicomte.fr\/wp-content\/uploads\/2016\/07\/Mania.jpg\" alt=\"\" width=\"303\" height=\"307\" \/>Mania MICHAILIDOU, Directrice des mus\u00e9es et sites arch\u00e9ologiques du Dod\u00e9can\u00e8se.<\/p>\n<p style=\"text-align: justify;\"><img id=\"__wp-temp-img-id\" class=\" aligncenter\" src=\"http:\/\/www.monteilauvicomte.fr\/wp-content\/uploads\/2016\/07\/Marilena-resize.jpg\" alt=\"\" \/><\/p>\n<p style=\"text-align: justify;\">Maril\u00e9na SOKIANOU, Vice Pr\u00e9sidente du r\u00e9seau Europ\u00e9en des Maison de l&rsquo;Europe.<\/p>\n<p style=\"text-align: justify;\"><img id=\"__wp-temp-img-id\" class=\" aligncenter\" src=\"http:\/\/www.monteilauvicomte.fr\/wp-content\/uploads\/2016\/07\/Manolis-resize.jpg\" alt=\"\" \/><\/p>\n<p style=\"text-align: justify;\">Manolis KYRIAZAKOS, Pr\u00e9sident de l&rsquo;association d&rsquo;Apollona \u00ab\u00a0Nouveaux Horizons\u00a0\u00bb.<\/p>\n<p style=\"text-align: justify;\">Mardi soir repas<\/p>\n<p style=\"text-align: justify;\">Mercredi, prefet, comcom<\/p>\n<p style=\"text-align: justify;\">Jeudi Aubusson<\/p>\n<p style=\"text-align: justify;\">Vendredi mus\u00e9e, Gu\u00e9ret, visite priv\u00e9e de la maison de la tapisserie, lancement partenariat<\/p>\n<p style=\"text-align: justify;\">Samedi PNR avec JL L\u00e9ger, Gentioux Felletin, relance danses du Monde<\/p>\n<p style=\"text-align: justify;\">Dimanche inauguration Maison de la tapisserie,<\/p>\n<p style=\"text-align: justify;\"><img id=\"__wp-temp-img-id\" class=\" aligncenter\" src=\"http:\/\/www.monteilauvicomte.fr\/wp-content\/uploads\/2016\/07\/Holland-Marilena-resize.jpg\" alt=\"\" \/><\/p>\n<p style=\"text-align: justify;\">rencontre avec Le Pr\u00e9sident Hollande, puis retour par Lyon<\/p>\n","protected":false},"excerpt":{"rendered":"<p>Page en construction Ils sont arriv\u00e9s sous la pluie \u00e0 Toulouse Blagnac. L&rsquo;absence du Maire de Rhodes, les cr\u00e9dits suspendus pour le groupe folklorique donnaient un petit go\u00fbt d&rsquo;amertume \u00e0 ces retrouvailles.\u00a0Mais la suite du s\u00e9jour a invers\u00e9 ce sentiment, au del\u00e0 de nos esp\u00e9rances. Pr\u00e9sentation Mania MICHAILIDOU, Directrice des mus\u00e9es et sites arch\u00e9ologiques du &hellip; <a href=\"https:\/\/www.monteilauvicomte.fr\/?page_id=1026\" class=\"more-link\">Continuer la lecture de <span class=\"screen-reader-text\">Rencontres franco-grecques 2016<\/span>  <span class=\"meta-nav\">&rarr;<\/span><\/a><\/p>\n","protected":false},"author":1,"featured_media":0,"parent":60,"menu_order":4,"comment_status":"closed","ping_status":"closed","template":"","meta":[],"_links":{"self":[{"href":"https:\/\/www.monteilauvicomte.fr\/index.php?rest_route=\/wp\/v2\/pages\/1026"}],"collection":[{"href":"https:\/\/www.monteilauvicomte.fr\/index.php?rest_route=\/wp\/v2\/pages"}],"about":[{"href":"https:\/\/www.monteilauvicomte.fr\/index.php?rest_route=\/wp\/v2\/types\/page"}],"author":[{"embeddable":true,"href":"https:\/\/www.monteilauvicomte.fr\/index.php?rest_route=\/wp\/v2\/users\/1"}],"replies":[{"embeddable":true,"href":"https:\/\/www.monteilauvicomte.fr\/index.php?rest_route=%2Fwp%2Fv2%2Fcomments&post=1026"}],"version-history":[{"count":8,"href":"https:\/\/www.monteilauvicomte.fr\/index.php?rest_route=\/wp\/v2\/pages\/1026\/revisions"}],"predecessor-version":[{"id":1040,"href":"https:\/\/www.monteilauvicomte.fr\/index.php?rest_route=\/wp\/v2\/pages\/1026\/revisions\/1040"}],"up":[{"embeddable":true,"href":"https:\/\/www.monteilauvicomte.fr\/index.php?rest_route=\/wp\/v2\/pages\/60"}],"wp:attachment":[{"href":"https:\/\/www.monteilauvicomte.fr\/index.php?rest_route=%2Fwp%2Fv2%2Fmedia&parent=1026"}],"curies":[{"name":"wp","href":"https:\/\/api.w.org\/{rel}","templated":true}]}}